{"version":"1.0","provider_name":"Consolata Am\u00e9rica","provider_url":"https:\/\/www.consolataamerica.org\/es","author_name":"adm@consam","author_url":"https:\/\/www.consolataamerica.org\/es\/author\/admconsam\/","title":"25 a\u00f1os de entrega: P. Andr\u00e9s Garc\u00eda Fern\u00e1ndez - Consolata Am\u00e9rica","type":"rich","width":600,"height":338,"html":"<blockquote class=\"wp-embedded-content\" data-secret=\"7YYmO84Nlt\"><a href=\"https:\/\/www.consolataamerica.org\/es\/25-anos-de-entrega-p-andres-garcia-fernandez\/\">25 a\u00f1os de entrega: P. Andr\u00e9s Garc\u00eda Fern\u00e1ndez<\/a><\/blockquote><iframe sandbox=\"allow-scripts\" security=\"restricted\" src=\"https:\/\/www.consolataamerica.org\/es\/25-anos-de-entrega-p-andres-garcia-fernandez\/embed\/#?secret=7YYmO84Nlt\" width=\"600\" height=\"338\" title=\"&#8220;25 a\u00f1os de entrega: P. Andr\u00e9s Garc\u00eda Fern\u00e1ndez&#8221; &#8212; Consolata Am\u00e9rica\" data-secret=\"7YYmO84Nlt\" frameborder=\"0\" marginwidth=\"0\" marginheight=\"0\" scrolling=\"no\" class=\"wp-embedded-content\"><\/iframe><script type=\"text\/javascript\">\n\/* <![CDATA[ *\/\n\/*! This file is auto-generated *\/\n!function(d,l){\"use strict\";l.querySelector&&d.addEventListener&&\"undefined\"!=typeof URL&&(d.wp=d.wp||{},d.wp.receiveEmbedMessage||(d.wp.receiveEmbedMessage=function(e){var t=e.data;if((t||t.secret||t.message||t.value)&&!\/[^a-zA-Z0-9]\/.test(t.secret)){for(var s,r,n,a=l.querySelectorAll('iframe[data-secret=\"'+t.secret+'\"]'),o=l.querySelectorAll('blockquote[data-secret=\"'+t.secret+'\"]'),c=new RegExp(\"^https?:$\",\"i\"),i=0;i<o.length;i++)o[i].style.display=\"none\";for(i=0;i<a.length;i++)s=a[i],e.source===s.contentWindow&&(s.removeAttribute(\"style\"),\"height\"===t.message?(1e3<(r=parseInt(t.value,10))?r=1e3:~~r<200&&(r=200),s.height=r):\"link\"===t.message&&(r=new URL(s.getAttribute(\"src\")),n=new URL(t.value),c.test(n.protocol))&&n.host===r.host&&l.activeElement===s&&(d.top.location.href=t.value))}},d.addEventListener(\"message\",d.wp.receiveEmbedMessage,!1),l.addEventListener(\"DOMContentLoaded\",function(){for(var e,t,s=l.querySelectorAll(\"iframe.wp-embedded-content\"),r=0;r<s.length;r++)(t=(e=s[r]).getAttribute(\"data-secret\"))||(t=Math.random().toString(36).substring(2,12),e.src+=\"#?secret=\"+t,e.setAttribute(\"data-secret\",t)),e.contentWindow.postMessage({message:\"ready\",secret:t},\"*\")},!1)))}(window,document);\n\/* ]]> *\/\n<\/script>\n","thumbnail_url":"https:\/\/www.consolataamerica.org\/es\/wp-content\/uploads\/2021\/01\/padre-Andres_Garcia_Fernandez.jpg","thumbnail_width":1280,"thumbnail_height":719,"description":"Este 6 de enero, P. Andr\u00e9s Garc\u00eda Fern\u00e1ndez, p\u00e1rroco de la Divina Pastora de Araguaimujo, residente en la misi\u00f3n de Nabasanuka, festej\u00f3 sus 25 a\u00f1os de vida presbiteral. A\u00f1os de largo y fecundo servicio a la misi\u00f3n en diversos pa\u00edses, luego de su formaci\u00f3n sacerdotal y religiosa en Europa (Espa\u00f1a e Italia)."}