{"version":"1.0","provider_name":"Consolata Am\u00e9rica","provider_url":"https:\/\/www.consolataamerica.org\/es","author_name":"conteudo","author_url":"https:\/\/www.consolataamerica.org\/es\/author\/conteudo\/","title":"Aniversario Sacerdotal del Padre Horacio Zuluaga en Saman\u00e1: Ra\u00edces, misi\u00f3n y esperanza para la Iglesia.\u00a0 - Consolata Am\u00e9rica","type":"rich","width":600,"height":338,"html":"<blockquote class=\"wp-embedded-content\" data-secret=\"XALRb5QHQ6\"><a href=\"https:\/\/www.consolataamerica.org\/es\/aniversario-sacerdotal-del-padre-horacio-zuluaga\/\">Aniversario Sacerdotal del Padre Horacio Zuluaga en Saman\u00e1: Ra\u00edces, misi\u00f3n y esperanza para la Iglesia.\u00a0<\/a><\/blockquote><iframe sandbox=\"allow-scripts\" security=\"restricted\" src=\"https:\/\/www.consolataamerica.org\/es\/aniversario-sacerdotal-del-padre-horacio-zuluaga\/embed\/#?secret=XALRb5QHQ6\" width=\"600\" height=\"338\" title=\"&#8220;Aniversario Sacerdotal del Padre Horacio Zuluaga en Saman\u00e1: Ra\u00edces, misi\u00f3n y esperanza para la Iglesia.\u00a0&#8221; &#8212; Consolata Am\u00e9rica\" data-secret=\"XALRb5QHQ6\" frameborder=\"0\" marginwidth=\"0\" marginheight=\"0\" scrolling=\"no\" class=\"wp-embedded-content\"><\/iframe><script type=\"text\/javascript\">\n\/* <![CDATA[ *\/\n\/*! This file is auto-generated *\/\n!function(d,l){\"use strict\";l.querySelector&&d.addEventListener&&\"undefined\"!=typeof URL&&(d.wp=d.wp||{},d.wp.receiveEmbedMessage||(d.wp.receiveEmbedMessage=function(e){var t=e.data;if((t||t.secret||t.message||t.value)&&!\/[^a-zA-Z0-9]\/.test(t.secret)){for(var s,r,n,a=l.querySelectorAll('iframe[data-secret=\"'+t.secret+'\"]'),o=l.querySelectorAll('blockquote[data-secret=\"'+t.secret+'\"]'),c=new RegExp(\"^https?:$\",\"i\"),i=0;i<o.length;i++)o[i].style.display=\"none\";for(i=0;i<a.length;i++)s=a[i],e.source===s.contentWindow&&(s.removeAttribute(\"style\"),\"height\"===t.message?(1e3<(r=parseInt(t.value,10))?r=1e3:~~r<200&&(r=200),s.height=r):\"link\"===t.message&&(r=new URL(s.getAttribute(\"src\")),n=new URL(t.value),c.test(n.protocol))&&n.host===r.host&&l.activeElement===s&&(d.top.location.href=t.value))}},d.addEventListener(\"message\",d.wp.receiveEmbedMessage,!1),l.addEventListener(\"DOMContentLoaded\",function(){for(var e,t,s=l.querySelectorAll(\"iframe.wp-embedded-content\"),r=0;r<s.length;r++)(t=(e=s[r]).getAttribute(\"data-secret\"))||(t=Math.random().toString(36).substring(2,12),e.src+=\"#?secret=\"+t,e.setAttribute(\"data-secret\",t)),e.contentWindow.postMessage({message:\"ready\",secret:t},\"*\")},!1)))}(window,document);\n\/* ]]> *\/\n<\/script>\n","thumbnail_url":"https:\/\/www.consolataamerica.org\/es\/wp-content\/uploads\/2025\/12\/WhatsApp-Image-2025-12-04-at-10.37.31-1-edited.jpeg","thumbnail_width":1200,"thumbnail_height":675,"description":"Entre el 14 y el 15 de noviembre, el municipio de Saman\u00e1, ubicado en el oriente de Caldas y reconocido por su riqueza h\u00eddrica, sus monta\u00f1as que delinean la vertiente oriental de la cordillera Central y su memoria cultural, fue el punto de encuentro de una celebraci\u00f3n profundamente significativa. Se conmemor\u00f3 all\u00ed el aniversario sacerdotal del Padre Horacio Zuluaga, misionero de la Consolata, en un ambiente marcado por la gratitud, la identidad comunitaria y la espiritualidad misionera.\u00a0"}