{"version":"1.0","provider_name":"Consolata Am\u00e9rica","provider_url":"https:\/\/www.consolataamerica.org\/es","author_name":"conteudo","author_url":"https:\/\/www.consolataamerica.org\/es\/author\/conteudo\/","title":"El beato Jos\u00e9 Allamano y la Semana Santa - Consolata Am\u00e9rica","type":"rich","width":600,"height":338,"html":"<blockquote class=\"wp-embedded-content\" data-secret=\"G2NFwe5Sa1\"><a href=\"https:\/\/www.consolataamerica.org\/es\/beato-jose-allamano-y-la-semana-santa\/\">El beato Jos\u00e9 Allamano y la Semana Santa<\/a><\/blockquote><iframe sandbox=\"allow-scripts\" security=\"restricted\" src=\"https:\/\/www.consolataamerica.org\/es\/beato-jose-allamano-y-la-semana-santa\/embed\/#?secret=G2NFwe5Sa1\" width=\"600\" height=\"338\" title=\"&#8220;El beato Jos\u00e9 Allamano y la Semana Santa&#8221; &#8212; Consolata Am\u00e9rica\" data-secret=\"G2NFwe5Sa1\" frameborder=\"0\" marginwidth=\"0\" marginheight=\"0\" scrolling=\"no\" class=\"wp-embedded-content\"><\/iframe><script type=\"text\/javascript\">\n\/* <![CDATA[ *\/\n\/*! This file is auto-generated *\/\n!function(d,l){\"use strict\";l.querySelector&&d.addEventListener&&\"undefined\"!=typeof URL&&(d.wp=d.wp||{},d.wp.receiveEmbedMessage||(d.wp.receiveEmbedMessage=function(e){var t=e.data;if((t||t.secret||t.message||t.value)&&!\/[^a-zA-Z0-9]\/.test(t.secret)){for(var s,r,n,a=l.querySelectorAll('iframe[data-secret=\"'+t.secret+'\"]'),o=l.querySelectorAll('blockquote[data-secret=\"'+t.secret+'\"]'),c=new RegExp(\"^https?:$\",\"i\"),i=0;i<o.length;i++)o[i].style.display=\"none\";for(i=0;i<a.length;i++)s=a[i],e.source===s.contentWindow&&(s.removeAttribute(\"style\"),\"height\"===t.message?(1e3<(r=parseInt(t.value,10))?r=1e3:~~r<200&&(r=200),s.height=r):\"link\"===t.message&&(r=new URL(s.getAttribute(\"src\")),n=new URL(t.value),c.test(n.protocol))&&n.host===r.host&&l.activeElement===s&&(d.top.location.href=t.value))}},d.addEventListener(\"message\",d.wp.receiveEmbedMessage,!1),l.addEventListener(\"DOMContentLoaded\",function(){for(var e,t,s=l.querySelectorAll(\"iframe.wp-embedded-content\"),r=0;r<s.length;r++)(t=(e=s[r]).getAttribute(\"data-secret\"))||(t=Math.random().toString(36).substring(2,12),e.src+=\"#?secret=\"+t,e.setAttribute(\"data-secret\",t)),e.contentWindow.postMessage({message:\"ready\",secret:t},\"*\")},!1)))}(window,document);\n\/* ]]> *\/\n<\/script>\n","thumbnail_url":"https:\/\/www.consolataamerica.org\/es\/wp-content\/uploads\/2021\/03\/0561cc10daff735d0e0b338e3548f06d_L.jpg","thumbnail_width":1024,"thumbnail_height":576,"description":"La Semana Santa es conocida como la semana por medio de la cual, los cristianos reflexionan sobre el misterio de la salvaci\u00f3n tra\u00edda por Jesucristo. El Beato Jos\u00e9 Allamano recuerda la importancia de ser devotos a la Pasi\u00f3n de Jesucristo"}