{"version":"1.0","provider_name":"Consolata Am\u00e9rica","provider_url":"https:\/\/www.consolataamerica.org\/es","author_name":"conteudo","author_url":"https:\/\/www.consolataamerica.org\/es\/author\/conteudo\/","title":"Camino y Esperanza para la Amazon\u00eda - Consolata Am\u00e9rica","type":"rich","width":600,"height":338,"html":"<blockquote class=\"wp-embedded-content\" data-secret=\"mfh8uQZsS1\"><a href=\"https:\/\/www.consolataamerica.org\/es\/camino-y-esperanza-para-la-amazonia\/\">Camino y Esperanza para la Amazon\u00eda<\/a><\/blockquote><iframe sandbox=\"allow-scripts\" security=\"restricted\" src=\"https:\/\/www.consolataamerica.org\/es\/camino-y-esperanza-para-la-amazonia\/embed\/#?secret=mfh8uQZsS1\" width=\"600\" height=\"338\" title=\"&#8220;Camino y Esperanza para la Amazon\u00eda&#8221; &#8212; Consolata Am\u00e9rica\" data-secret=\"mfh8uQZsS1\" frameborder=\"0\" marginwidth=\"0\" marginheight=\"0\" scrolling=\"no\" class=\"wp-embedded-content\"><\/iframe><script type=\"text\/javascript\">\n\/* <![CDATA[ *\/\n\/*! This file is auto-generated *\/\n!function(d,l){\"use strict\";l.querySelector&&d.addEventListener&&\"undefined\"!=typeof URL&&(d.wp=d.wp||{},d.wp.receiveEmbedMessage||(d.wp.receiveEmbedMessage=function(e){var t=e.data;if((t||t.secret||t.message||t.value)&&!\/[^a-zA-Z0-9]\/.test(t.secret)){for(var s,r,n,a=l.querySelectorAll('iframe[data-secret=\"'+t.secret+'\"]'),o=l.querySelectorAll('blockquote[data-secret=\"'+t.secret+'\"]'),c=new RegExp(\"^https?:$\",\"i\"),i=0;i<o.length;i++)o[i].style.display=\"none\";for(i=0;i<a.length;i++)s=a[i],e.source===s.contentWindow&&(s.removeAttribute(\"style\"),\"height\"===t.message?(1e3<(r=parseInt(t.value,10))?r=1e3:~~r<200&&(r=200),s.height=r):\"link\"===t.message&&(r=new URL(s.getAttribute(\"src\")),n=new URL(t.value),c.test(n.protocol))&&n.host===r.host&&l.activeElement===s&&(d.top.location.href=t.value))}},d.addEventListener(\"message\",d.wp.receiveEmbedMessage,!1),l.addEventListener(\"DOMContentLoaded\",function(){for(var e,t,s=l.querySelectorAll(\"iframe.wp-embedded-content\"),r=0;r<s.length;r++)(t=(e=s[r]).getAttribute(\"data-secret\"))||(t=Math.random().toString(36).substring(2,12),e.src+=\"#?secret=\"+t,e.setAttribute(\"data-secret\",t)),e.contentWindow.postMessage({message:\"ready\",secret:t},\"*\")},!1)))}(window,document);\n\/* ]]> *\/\n<\/script>\n","thumbnail_url":"https:\/\/www.consolataamerica.org\/es\/wp-content\/uploads\/2025\/10\/WhatsApp-Image-2025-10-04-at-18.53.56-1.jpeg","thumbnail_width":1024,"thumbnail_height":768,"description":"El Tiempo de la Creaci\u00f3n y la Semana por la Paz son espacios que invitan a reflexionar sobre la misi\u00f3n de la Iglesia en Colombia y el mundo, en particular, el compromiso con la justicia, la reconciliaci\u00f3n y el cuidado de la casa com\u00fan. En Colombia, estas jornadas, celebradas en el mes de septiembre, han cobrado un profundo sentido en territorios como la Amazon\u00eda, donde la biodiversidad, la riqueza cultural y la vida misma se encuentran hoy amenazadas por intereses extractivistas, la deforestaci\u00f3n y la violencia."}