{"version":"1.0","provider_name":"Consolata Am\u00e9rica","provider_url":"https:\/\/www.consolataamerica.org\/es","author_name":"conteudo","author_url":"https:\/\/www.consolataamerica.org\/es\/author\/conteudo\/","title":"CEAMA realizar\u00e1 su primera Asamblea Plenaria - Consolata Am\u00e9rica","type":"rich","width":600,"height":338,"html":"<blockquote class=\"wp-embedded-content\" data-secret=\"8aGSrUY0wc\"><a href=\"https:\/\/www.consolataamerica.org\/es\/ceama-realizara-su-primera-asamblea-plenaria\/\">CEAMA realizar\u00e1 su primera Asamblea Plenaria<\/a><\/blockquote><iframe sandbox=\"allow-scripts\" security=\"restricted\" src=\"https:\/\/www.consolataamerica.org\/es\/ceama-realizara-su-primera-asamblea-plenaria\/embed\/#?secret=8aGSrUY0wc\" width=\"600\" height=\"338\" title=\"&#8220;CEAMA realizar\u00e1 su primera Asamblea Plenaria&#8221; &#8212; Consolata Am\u00e9rica\" data-secret=\"8aGSrUY0wc\" frameborder=\"0\" marginwidth=\"0\" marginheight=\"0\" scrolling=\"no\" class=\"wp-embedded-content\"><\/iframe><script type=\"text\/javascript\">\n\/* <![CDATA[ *\/\n\/*! This file is auto-generated *\/\n!function(d,l){\"use strict\";l.querySelector&&d.addEventListener&&\"undefined\"!=typeof URL&&(d.wp=d.wp||{},d.wp.receiveEmbedMessage||(d.wp.receiveEmbedMessage=function(e){var t=e.data;if((t||t.secret||t.message||t.value)&&!\/[^a-zA-Z0-9]\/.test(t.secret)){for(var s,r,n,a=l.querySelectorAll('iframe[data-secret=\"'+t.secret+'\"]'),o=l.querySelectorAll('blockquote[data-secret=\"'+t.secret+'\"]'),c=new RegExp(\"^https?:$\",\"i\"),i=0;i<o.length;i++)o[i].style.display=\"none\";for(i=0;i<a.length;i++)s=a[i],e.source===s.contentWindow&&(s.removeAttribute(\"style\"),\"height\"===t.message?(1e3<(r=parseInt(t.value,10))?r=1e3:~~r<200&&(r=200),s.height=r):\"link\"===t.message&&(r=new URL(s.getAttribute(\"src\")),n=new URL(t.value),c.test(n.protocol))&&n.host===r.host&&l.activeElement===s&&(d.top.location.href=t.value))}},d.addEventListener(\"message\",d.wp.receiveEmbedMessage,!1),l.addEventListener(\"DOMContentLoaded\",function(){for(var e,t,s=l.querySelectorAll(\"iframe.wp-embedded-content\"),r=0;r<s.length;r++)(t=(e=s[r]).getAttribute(\"data-secret\"))||(t=Math.random().toString(36).substring(2,12),e.src+=\"#?secret=\"+t,e.setAttribute(\"data-secret\",t)),e.contentWindow.postMessage({message:\"ready\",secret:t},\"*\")},!1)))}(window,document);\n\/* ]]> *\/\n<\/script>\n","thumbnail_url":"https:\/\/www.consolataamerica.org\/es\/wp-content\/uploads\/2020\/10\/Logo-CEAMA-p\u00e1gina-web.jpg","thumbnail_width":1280,"thumbnail_height":720,"description":"La Conferencia Eclesial de la Amazon\u00eda \u2013 CEAMA, ha convocado para los pr\u00f3ximos d\u00edas 26 y 27 de octubre su primera asamblea plenaria, coincidiendo con el primer aniversario de la clausura de la Asamblea Sinodal. En el encuentro virtual, al que est\u00e1n convocados todos los obispos de la Panamazon\u00eda, se espera la participaci\u00f3n de alrededor de 300 personas, en representaci\u00f3n de las diferentes presencias e instituciones eclesiales, y de los pueblos originarios y comunidades de este territorio con quienes la Iglesia camina y colabora en este territorio."}