{"version":"1.0","provider_name":"Consolata Am\u00e9rica","provider_url":"https:\/\/www.consolataamerica.org\/es","author_name":"conteudo","author_url":"https:\/\/www.consolataamerica.org\/es\/author\/conteudo\/","title":"El poder del perd\u00f3n en la reconstrucci\u00f3n social - Consolata Am\u00e9rica","type":"rich","width":600,"height":338,"html":"<blockquote class=\"wp-embedded-content\" data-secret=\"YRsL0nOa67\"><a href=\"https:\/\/www.consolataamerica.org\/es\/el-poder-del-perdon-en-la-reconstruccion-social\/\">El poder del perd\u00f3n en la reconstrucci\u00f3n social<\/a><\/blockquote><iframe sandbox=\"allow-scripts\" security=\"restricted\" src=\"https:\/\/www.consolataamerica.org\/es\/el-poder-del-perdon-en-la-reconstruccion-social\/embed\/#?secret=YRsL0nOa67\" width=\"600\" height=\"338\" title=\"&#8220;El poder del perd\u00f3n en la reconstrucci\u00f3n social&#8221; &#8212; Consolata Am\u00e9rica\" data-secret=\"YRsL0nOa67\" frameborder=\"0\" marginwidth=\"0\" marginheight=\"0\" scrolling=\"no\" class=\"wp-embedded-content\"><\/iframe><script type=\"text\/javascript\">\n\/* <![CDATA[ *\/\n\/*! This file is auto-generated *\/\n!function(d,l){\"use strict\";l.querySelector&&d.addEventListener&&\"undefined\"!=typeof URL&&(d.wp=d.wp||{},d.wp.receiveEmbedMessage||(d.wp.receiveEmbedMessage=function(e){var t=e.data;if((t||t.secret||t.message||t.value)&&!\/[^a-zA-Z0-9]\/.test(t.secret)){for(var s,r,n,a=l.querySelectorAll('iframe[data-secret=\"'+t.secret+'\"]'),o=l.querySelectorAll('blockquote[data-secret=\"'+t.secret+'\"]'),c=new RegExp(\"^https?:$\",\"i\"),i=0;i<o.length;i++)o[i].style.display=\"none\";for(i=0;i<a.length;i++)s=a[i],e.source===s.contentWindow&&(s.removeAttribute(\"style\"),\"height\"===t.message?(1e3<(r=parseInt(t.value,10))?r=1e3:~~r<200&&(r=200),s.height=r):\"link\"===t.message&&(r=new URL(s.getAttribute(\"src\")),n=new URL(t.value),c.test(n.protocol))&&n.host===r.host&&l.activeElement===s&&(d.top.location.href=t.value))}},d.addEventListener(\"message\",d.wp.receiveEmbedMessage,!1),l.addEventListener(\"DOMContentLoaded\",function(){for(var e,t,s=l.querySelectorAll(\"iframe.wp-embedded-content\"),r=0;r<s.length;r++)(t=(e=s[r]).getAttribute(\"data-secret\"))||(t=Math.random().toString(36).substring(2,12),e.src+=\"#?secret=\"+t,e.setAttribute(\"data-secret\",t)),e.contentWindow.postMessage({message:\"ready\",secret:t},\"*\")},!1)))}(window,document);\n\/* ]]> *\/\n<\/script>\n","thumbnail_url":"https:\/\/www.consolataamerica.org\/es\/wp-content\/uploads\/2025\/02\/banner-6_0-1.jpg","thumbnail_width":1180,"thumbnail_height":688,"description":"La revista mexicana Este Pa\u00eds ha publicado una entrevista con el P. Leonel Narv\u00e1ez, misionero de la Consolata y fundador de la Fundaci\u00f3n para la Reconciliaci\u00f3n. En esta conversaci\u00f3n, Andr\u00e9s Padilla, coordinador general de Este Pa\u00eds, dialoga con Narv\u00e1ez sobre el papel del perd\u00f3n en los procesos de reconciliaci\u00f3n, la justicia restaurativa y los desaf\u00edos de sanar sociedades afectadas por la violencia."}