{"version":"1.0","provider_name":"Consolata Am\u00e9rica","provider_url":"https:\/\/www.consolataamerica.org\/es","author_name":"conteudo","author_url":"https:\/\/www.consolataamerica.org\/es\/author\/conteudo\/","title":"M\u00e9xico: Preocupante cifra de desaparecidos durante la pandemia - Consolata Am\u00e9rica","type":"rich","width":600,"height":338,"html":"<blockquote class=\"wp-embedded-content\" data-secret=\"7YKOZBcuoJ\"><a href=\"https:\/\/www.consolataamerica.org\/es\/mexico-preocupante-cifra-de-desaparecidos\/\">M\u00e9xico: Preocupante cifra de desaparecidos durante la pandemia<\/a><\/blockquote><iframe sandbox=\"allow-scripts\" security=\"restricted\" src=\"https:\/\/www.consolataamerica.org\/es\/mexico-preocupante-cifra-de-desaparecidos\/embed\/#?secret=7YKOZBcuoJ\" width=\"600\" height=\"338\" title=\"&#8220;M\u00e9xico: Preocupante cifra de desaparecidos durante la pandemia&#8221; &#8212; Consolata Am\u00e9rica\" data-secret=\"7YKOZBcuoJ\" frameborder=\"0\" marginwidth=\"0\" marginheight=\"0\" scrolling=\"no\" class=\"wp-embedded-content\"><\/iframe><script type=\"text\/javascript\">\n\/* <![CDATA[ *\/\n\/*! This file is auto-generated *\/\n!function(d,l){\"use strict\";l.querySelector&&d.addEventListener&&\"undefined\"!=typeof URL&&(d.wp=d.wp||{},d.wp.receiveEmbedMessage||(d.wp.receiveEmbedMessage=function(e){var t=e.data;if((t||t.secret||t.message||t.value)&&!\/[^a-zA-Z0-9]\/.test(t.secret)){for(var s,r,n,a=l.querySelectorAll('iframe[data-secret=\"'+t.secret+'\"]'),o=l.querySelectorAll('blockquote[data-secret=\"'+t.secret+'\"]'),c=new RegExp(\"^https?:$\",\"i\"),i=0;i<o.length;i++)o[i].style.display=\"none\";for(i=0;i<a.length;i++)s=a[i],e.source===s.contentWindow&&(s.removeAttribute(\"style\"),\"height\"===t.message?(1e3<(r=parseInt(t.value,10))?r=1e3:~~r<200&&(r=200),s.height=r):\"link\"===t.message&&(r=new URL(s.getAttribute(\"src\")),n=new URL(t.value),c.test(n.protocol))&&n.host===r.host&&l.activeElement===s&&(d.top.location.href=t.value))}},d.addEventListener(\"message\",d.wp.receiveEmbedMessage,!1),l.addEventListener(\"DOMContentLoaded\",function(){for(var e,t,s=l.querySelectorAll(\"iframe.wp-embedded-content\"),r=0;r<s.length;r++)(t=(e=s[r]).getAttribute(\"data-secret\"))||(t=Math.random().toString(36).substring(2,12),e.src+=\"#?secret=\"+t,e.setAttribute(\"data-secret\",t)),e.contentWindow.postMessage({message:\"ready\",secret:t},\"*\")},!1)))}(window,document);\n\/* ]]> *\/\n<\/script>\n","thumbnail_url":"https:\/\/www.consolataamerica.org\/es\/wp-content\/uploads\/2020\/08\/Protesta-del-colectivo-B\u00fasqueda-Nacional-en-Vida-por-Nuestros-Desaparecidos-en-Palacio-Nacional.-Foto-Manuel-Alejandro-Godinez.jpg","thumbnail_width":1000,"thumbnail_height":750,"description":"La estad\u00edstica de personas desaparecidas durante la pandemia, en M\u00e9xico, sigue en aumento.&nbsp; Seg\u00fan denuncia la activista de Amnist\u00eda Internacional (AI), Mar\u00eda de los Dolores Soto, tan solo en los cuatro meses de pandemia se ha reportado la desaparici\u00f3n de mil 342 personas en todo el pa\u00eds. \u201cLa desaparici\u00f3n de personas no est\u00e1 en cuarentena\u201d, [&hellip;]"}