{"version":"1.0","provider_name":"Consolata Am\u00e9rica","provider_url":"https:\/\/www.consolataamerica.org\/es","author_name":"conteudo","author_url":"https:\/\/www.consolataamerica.org\/es\/author\/conteudo\/","title":"Padre Bernardo Balde\u00f3n, \u00abmisionero para despertar conciencias\u00bb - Consolata Am\u00e9rica","type":"rich","width":600,"height":338,"html":"<blockquote class=\"wp-embedded-content\" data-secret=\"jjayEJDIi5\"><a href=\"https:\/\/www.consolataamerica.org\/es\/padre-bernardo-baldeon-misionero-para-despertar-conciencias\/\">Padre Bernardo Balde\u00f3n, \u00abmisionero para despertar conciencias\u00bb<\/a><\/blockquote><iframe sandbox=\"allow-scripts\" security=\"restricted\" src=\"https:\/\/www.consolataamerica.org\/es\/padre-bernardo-baldeon-misionero-para-despertar-conciencias\/embed\/#?secret=jjayEJDIi5\" width=\"600\" height=\"338\" title=\"&#8220;Padre Bernardo Balde\u00f3n, \u00abmisionero para despertar conciencias\u00bb&#8221; &#8212; Consolata Am\u00e9rica\" data-secret=\"jjayEJDIi5\" frameborder=\"0\" marginwidth=\"0\" marginheight=\"0\" scrolling=\"no\" class=\"wp-embedded-content\"><\/iframe><script type=\"text\/javascript\">\n\/* <![CDATA[ *\/\n\/*! This file is auto-generated *\/\n!function(d,l){\"use strict\";l.querySelector&&d.addEventListener&&\"undefined\"!=typeof URL&&(d.wp=d.wp||{},d.wp.receiveEmbedMessage||(d.wp.receiveEmbedMessage=function(e){var t=e.data;if((t||t.secret||t.message||t.value)&&!\/[^a-zA-Z0-9]\/.test(t.secret)){for(var s,r,n,a=l.querySelectorAll('iframe[data-secret=\"'+t.secret+'\"]'),o=l.querySelectorAll('blockquote[data-secret=\"'+t.secret+'\"]'),c=new RegExp(\"^https?:$\",\"i\"),i=0;i<o.length;i++)o[i].style.display=\"none\";for(i=0;i<a.length;i++)s=a[i],e.source===s.contentWindow&&(s.removeAttribute(\"style\"),\"height\"===t.message?(1e3<(r=parseInt(t.value,10))?r=1e3:~~r<200&&(r=200),s.height=r):\"link\"===t.message&&(r=new URL(s.getAttribute(\"src\")),n=new URL(t.value),c.test(n.protocol))&&n.host===r.host&&l.activeElement===s&&(d.top.location.href=t.value))}},d.addEventListener(\"message\",d.wp.receiveEmbedMessage,!1),l.addEventListener(\"DOMContentLoaded\",function(){for(var e,t,s=l.querySelectorAll(\"iframe.wp-embedded-content\"),r=0;r<s.length;r++)(t=(e=s[r]).getAttribute(\"data-secret\"))||(t=Math.random().toString(36).substring(2,12),e.src+=\"#?secret=\"+t,e.setAttribute(\"data-secret\",t)),e.contentWindow.postMessage({message:\"ready\",secret:t},\"*\")},!1)))}(window,document);\n\/* ]]> *\/\n<\/script>\n","thumbnail_url":"https:\/\/www.consolataamerica.org\/es\/wp-content\/uploads\/2025\/08\/20250826Bernardo5.jpg","thumbnail_width":1229,"thumbnail_height":690,"description":"Falleci\u00f3 en Madrid, el 22 de agosto de 2025 en Madrid, el misionero de la Consolata, director de la revista Antena Misionera, padre Bernardo Balde\u00f3n Santiago. Ten\u00eda 72 a\u00f1os, de los cuales 50 de Profesi\u00f3n Religiosa y 47 de sacerdocio. Fue sepultado en el cementerio de Carabanchel Sur en Madrid el 23 de agosto de 2025."}